{"id":1806,"date":"2015-03-06T11:22:51","date_gmt":"2015-03-06T10:22:51","guid":{"rendered":"http:\/\/www.abeilles95.fr\/?page_id=1806"},"modified":"2025-08-03T15:16:13","modified_gmt":"2025-08-03T13:16:13","slug":"vespa-velutina","status":"publish","type":"page","link":"https:\/\/www.abeilles95.fr\/?page_id=1806","title":{"rendered":"Le Frelon asiatique"},"content":{"rendered":"<p style=\"text-align: center\"><span style=\"font-size: 200%;color: #003300\"><strong>Le frelon \u00e0 pattes jaunes (asiatique) <\/strong><\/span><\/p>\r\n<p style=\"text-align: center\"><span style=\"font-size: 200%;color: #003300\"><strong>dans le Val d&rsquo;Oise<br \/><\/strong><\/span><\/p>\r\n<p style=\"text-align: center\">m\u00e0j: 3\/08\/2025<\/p>\r\n<p>L\u2019expansion du frelon invasif <strong>Vespa Velutina Nigrithorax<\/strong> n\u2019a pas cess\u00e9 depuis son introduction involontaire en 2004 dans le Lot-Et-Garonne.<\/p>\r\n<p>Le frelon asiatique est pr\u00e9sent presque partout en France et a \u00e9t\u00e9 signal\u00e9 en Belgique, en Suisse, aux Pays-bas, en Espagne, au Portugal et dans le sud de l&rsquo;Angleterre.<br class=\"none\" \/>La pr\u00e9sence du frelon asiatique dans le Val d\u2019Oise a \u00e9t\u00e9 confirm\u00e9e d\u00e8s 2014.<\/p>\r\n<p>En 2024, nous attendions toujours plus de 1000 nids sur le d\u00e9partement. La m\u00e9t\u00e9o du d\u00e9but du printemps a permis l&rsquo;\u00e9dification des premiers nids dits \u00ab\u00a0embryons\u00a0\u00bb. La s\u00e9cheresse de l&rsquo;\u00e9t\u00e9 a perturb\u00e9 le d\u00e9veloppement des colonies de frelons. Cependant, le nombre de nids \u00e9tait important et la pression sur les ruchers \u00e9tait forte en septembre-octobre. C&rsquo;est finalement plus de 1300 nids qui ont \u00e9t\u00e9 d\u00e9truits en 2024. Pour cette ann\u00e9e 2025, l&rsquo;hiver a \u00e9t\u00e9 cl\u00e9ment en r\u00e9gion parisienne et de nombreux nids sont signal\u00e9s et d\u00e9truits avant m\u00eame la p\u00e9riode intensive de l&rsquo;automne.<\/p>\r\n<p>Les apiculteurs ont, pour la plupart, pris soin de prot\u00e9ger leurs ruchers et leurs ruches pour que les colonies se d\u00e9veloppent et fassent de bonnes r\u00e9serves d&rsquo;hiver (en particulier avec des museli\u00e8res&#8230;. voir les pages \u00ab\u00a0protection des ruchers\u00a0\u00bb).<\/p>\r\n<h5 style=\"text-align: center\"><em><strong>\u00a0\u00a0 carte des r\u00e9f\u00e9rents frelon du 95<\/strong><\/em><\/h5>\r\n<p><a href=\"https:\/\/www.abeilles95.fr\/wp-content\/uploads\/2022\/03\/carte_referents2021.jpg\"><img loading=\"lazy\" decoding=\"async\" class=\"alignnone  wp-image-4160\" src=\"https:\/\/www.abeilles95.fr\/wp-content\/uploads\/2022\/03\/carte_referents2021-300x176.jpg\" alt=\"\" width=\"736\" height=\"432\" srcset=\"https:\/\/www.abeilles95.fr\/wp-content\/uploads\/2022\/03\/carte_referents2021-300x176.jpg 300w, https:\/\/www.abeilles95.fr\/wp-content\/uploads\/2022\/03\/carte_referents2021-768x451.jpg 768w, https:\/\/www.abeilles95.fr\/wp-content\/uploads\/2022\/03\/carte_referents2021.jpg 988w\" sizes=\"(max-width: 736px) 100vw, 736px\" \/><\/a><\/p>\r\n<p><strong>Liste des r\u00e9f\u00e9rents frelon 2024 du Val d&rsquo;Oise<\/strong><\/p>\r\n<p style=\"text-align: center\"><a href=\"https:\/\/www.abeilles95.fr\/wp-content\/uploads\/2024\/04\/referents2024.jpg\"><img loading=\"lazy\" decoding=\"async\" class=\"alignnone  wp-image-5804\" src=\"https:\/\/www.abeilles95.fr\/wp-content\/uploads\/2024\/04\/referents2024-300x206.jpg\" alt=\"\" width=\"766\" height=\"526\" srcset=\"https:\/\/www.abeilles95.fr\/wp-content\/uploads\/2024\/04\/referents2024-300x206.jpg 300w, https:\/\/www.abeilles95.fr\/wp-content\/uploads\/2024\/04\/referents2024-1024x704.jpg 1024w, https:\/\/www.abeilles95.fr\/wp-content\/uploads\/2024\/04\/referents2024-768x528.jpg 768w, https:\/\/www.abeilles95.fr\/wp-content\/uploads\/2024\/04\/referents2024.jpg 1041w\" sizes=\"(max-width: 766px) 100vw, 766px\" \/><\/a><\/p>\r\n<p><strong>\u00a0<\/strong><a href=\"https:\/\/www.abeilles95.fr\/wp-content\/uploads\/2024\/04\/referents-2024.pdf\"><strong>Voir le fichier des r\u00e9f\u00e9rents du Val d&rsquo;Oise pour 2025<\/strong><\/a><\/p>\r\n<p>&nbsp;<\/p>\r\n<p><em>La plupart des communes ou communaut\u00e9s d&rsquo;agglom\u00e9ration participent aux frais de destruction des nids. Les contacter pour obtenir la convention correspondante. Il est alors imp\u00e9ratif que l&rsquo;entreprise de destruction soit \u00ab\u00a0chart\u00e9e\u00a0\u00bb.<\/em><\/p>\r\n<p style=\"text-align: left\"><a href=\"https:\/\/www.abeilles95.fr\/wp-content\/uploads\/2023\/05\/desinsectiseurs-95-mai2023.jpg\">Voir la liste des d\u00e9sinsectiseurs \u00ab\u00a0chart\u00e9s\u00a0\u00bb du Val d&rsquo;Oise<\/a><\/p>\r\n<h3><a href=\"https:\/\/www.abeilles95.fr\/wp-content\/uploads\/2023\/05\/desinsectiseurs-95-mai2023.jpg\"><img loading=\"lazy\" decoding=\"async\" class=\"aligncenter wp-image-5430 size-full\" src=\"https:\/\/www.abeilles95.fr\/wp-content\/uploads\/2023\/05\/desinsectiseurs-95-mai2023.jpg\" alt=\"\" width=\"1009\" height=\"427\" srcset=\"https:\/\/www.abeilles95.fr\/wp-content\/uploads\/2023\/05\/desinsectiseurs-95-mai2023.jpg 1009w, https:\/\/www.abeilles95.fr\/wp-content\/uploads\/2023\/05\/desinsectiseurs-95-mai2023-300x127.jpg 300w, https:\/\/www.abeilles95.fr\/wp-content\/uploads\/2023\/05\/desinsectiseurs-95-mai2023-768x325.jpg 768w, https:\/\/www.abeilles95.fr\/wp-content\/uploads\/2023\/05\/desinsectiseurs-95-mai2023-710x300.jpg 710w\" sizes=\"(max-width: 1009px) 100vw, 1009px\" \/><\/a><\/h3>\r\n<h3>\u00a0<\/h3>\r\n<h3 style=\"text-align: center\"><span style=\"text-decoration: underline\"><strong><span style=\"color: #000000;text-decoration: underline\">Pr\u00e9sentation du frelon \u00e0 pattes jaunes ou frelon asiatique<\/span> <\/strong><\/span><\/h3>\r\n<p>Nous vous invitons \u00e0 consulter le site du Mus\u00e9um National d&rsquo;Histoire Naturel -&gt; <a href=\"https:\/\/frelonasiatique.mnhn.fr\/identification\/\" target=\"_blank\" rel=\"noopener noreferrer\"><strong>frelonasiatique.mnhn.fr<\/strong><\/a><\/p>\r\n<p>Sachons distinguer le frelon <strong>Vespa Velutina<\/strong> des autres hym\u00e9nopt\u00e8res, notamment du frelon europ\u00e9en <strong>Vespa Crabo<\/strong>.<\/p>\r\n<table style=\"height: 220px\" border=\"0\" cellspacing=\"0\" cellpadding=\"0\">\r\n<tbody>\r\n<tr style=\"border-width: 0px\">\r\n<td style=\"border-width: 0px\" colspan=\"2\" valign=\"center\" width=\"50%\">\r\n<p><a href=\"https:\/\/www.abeilles95.fr\/wp-content\/uploads\/2022\/06\/vespa-velutina-Q-ROME.jpg\"><img loading=\"lazy\" decoding=\"async\" class=\"alignnone  wp-image-4810\" src=\"https:\/\/www.abeilles95.fr\/wp-content\/uploads\/2022\/06\/vespa-velutina-Q-ROME.jpg\" alt=\"\" width=\"311\" height=\"466\" srcset=\"https:\/\/www.abeilles95.fr\/wp-content\/uploads\/2022\/06\/vespa-velutina-Q-ROME.jpg 534w, https:\/\/www.abeilles95.fr\/wp-content\/uploads\/2022\/06\/vespa-velutina-Q-ROME-200x300.jpg 200w\" sizes=\"(max-width: 311px) 100vw, 311px\" \/><\/a><\/p>\r\n<\/td>\r\n<td style=\"border-width: 0px\" colspan=\"2\" valign=\"center\" width=\"50%\">\r\n<p>&nbsp;<\/p>\r\n<p>\u00a0\u00a0\u00a0\u00a0\u00a0\u00a0\u00a0\u00a0\u00a0\u00a0\u00a0\u00a0\u00a0\u00a0\u00a0\u00a0\u00a0\u00a0\u00a0 <img loading=\"lazy\" decoding=\"async\" class=\"\" src=\"https:\/\/www.abeilles95.fr\/wp-content\/uploads\/2022\/06\/crabro-Q-ROME.jpg\" alt=\"crabro Q. ROME\" width=\"355\" height=\"429\" \/><\/p>\r\n<\/td>\r\n<\/tr>\r\n<\/tbody>\r\n<\/table>\r\n<table style=\"height: 93px\" border=\"0\" width=\"743\" cellspacing=\"0\" cellpadding=\"0\">\r\n<tbody>\r\n<tr style=\"border-width: 0px\">\r\n<td style=\"border-width: 0px\" colspan=\"2\" valign=\"center\" width=\"50%\">\r\n<div class=\"mceTemp\">\r\n<p>Pour \u00e9viter les confusions avec les gu\u00eapes, abeilles, autres hym\u00e9nopt\u00e8res, <a href=\"https:\/\/www.abeilles95.fr\/wp-content\/uploads\/2022\/06\/Fiches_Identification_Vespa_velutina_MNHN-1.pdf\">T\u00e9l\u00e9charger la Fiche d&rsquo;Identification propos\u00e9e par le MNHN<\/a><\/p>\r\n<\/div>\r\n<img decoding=\"async\" src=\"https:\/\/www.abeilles95.fr\/wp-content\/uploads\/2022\/06\/Fiches_Identification_Vespa_velutina_MNHN-1.pdf\" alt=\"fiche MNHN\" \/><\/td>\r\n<\/tr>\r\n<\/tbody>\r\n<\/table>\r\n<h3 style=\"text-align: center\"><strong>Diff\u00e9rencier les fondatrices des ouvri\u00e8res:<\/strong><\/h3>\r\n<p style=\"text-align: center\"><img decoding=\"async\" src=\"https:\/\/www.abeilles95.fr\/wp-content\/uploads\/2022\/06\/Vespa-velutina-fondatrice-vs-ouvrie\u0300re_INPN-1-1024x317-1.png\" alt=\"photos fondatrices ouvri\u00e8res\" \/><\/p>\r\n<p>&nbsp;<\/p>\r\n<h2 style=\"text-align: center\"><strong>Cycle biologique<\/strong> du Vespa Velutina en France (MNHN)<\/h2>\r\n<p style=\"text-align: center\"><a href=\"https:\/\/www.abeilles95.fr\/wp-content\/uploads\/2022\/06\/Cycle_Vespa_velutina-Q_Rome_MNHN1.png\"><img loading=\"lazy\" decoding=\"async\" class=\"alignnone  wp-image-4808\" src=\"https:\/\/www.abeilles95.fr\/wp-content\/uploads\/2022\/06\/Cycle_Vespa_velutina-Q_Rome_MNHN1.png\" alt=\"\" width=\"878\" height=\"557\" srcset=\"https:\/\/www.abeilles95.fr\/wp-content\/uploads\/2022\/06\/Cycle_Vespa_velutina-Q_Rome_MNHN1.png 3387w, https:\/\/www.abeilles95.fr\/wp-content\/uploads\/2022\/06\/Cycle_Vespa_velutina-Q_Rome_MNHN1-300x190.png 300w, https:\/\/www.abeilles95.fr\/wp-content\/uploads\/2022\/06\/Cycle_Vespa_velutina-Q_Rome_MNHN1-1024x649.png 1024w, https:\/\/www.abeilles95.fr\/wp-content\/uploads\/2022\/06\/Cycle_Vespa_velutina-Q_Rome_MNHN1-768x487.png 768w, https:\/\/www.abeilles95.fr\/wp-content\/uploads\/2022\/06\/Cycle_Vespa_velutina-Q_Rome_MNHN1-1536x973.png 1536w, https:\/\/www.abeilles95.fr\/wp-content\/uploads\/2022\/06\/Cycle_Vespa_velutina-Q_Rome_MNHN1-2048x1298.png 2048w\" sizes=\"(max-width: 878px) 100vw, 878px\" \/><\/a><\/p>\r\n<h3>\u00a0<\/h3>\r\n<h3 style=\"text-align: center\"><span style=\"text-decoration: underline\"><strong>La lutte contre le frelon asiatique <\/strong><\/span><\/h3>\r\n<h3><a href=\"https:\/\/www.abeilles95.fr\/?page_id=3051\">voir page suivante les conseils &#8230;&#8230;<\/a><\/h3>\r\n<p>&nbsp;<\/p>\r\n\r\n<p>&nbsp;<\/p>\r\n","protected":false},"excerpt":{"rendered":"<p>Le frelon \u00e0 pattes jaunes (asiatique) dans le Val d&rsquo;Oise m\u00e0j: 3\/08\/2025 L\u2019expansion du frelon invasif Vespa Velutina Nigrithorax n\u2019a pas cess\u00e9 depuis son introduction involontaire en 2004 dans le Lot-Et-Garonne. Le frelon asiatique est pr\u00e9sent presque partout en France<\/p>\n","protected":false},"author":7,"featured_media":0,"parent":0,"menu_order":0,"comment_status":"closed","ping_status":"closed","template":"","meta":{"ngg_post_thumbnail":0,"footnotes":""},"_links":{"self":[{"href":"https:\/\/www.abeilles95.fr\/index.php?rest_route=\/wp\/v2\/pages\/1806"}],"collection":[{"href":"https:\/\/www.abeilles95.fr\/index.php?rest_route=\/wp\/v2\/pages"}],"about":[{"href":"https:\/\/www.abeilles95.fr\/index.php?rest_route=\/wp\/v2\/types\/page"}],"author":[{"embeddable":true,"href":"https:\/\/www.abeilles95.fr\/index.php?rest_route=\/wp\/v2\/users\/7"}],"replies":[{"embeddable":true,"href":"https:\/\/www.abeilles95.fr\/index.php?rest_route=%2Fwp%2Fv2%2Fcomments&post=1806"}],"version-history":[{"count":196,"href":"https:\/\/www.abeilles95.fr\/index.php?rest_route=\/wp\/v2\/pages\/1806\/revisions"}],"predecessor-version":[{"id":6136,"href":"https:\/\/www.abeilles95.fr\/index.php?rest_route=\/wp\/v2\/pages\/1806\/revisions\/6136"}],"wp:attachment":[{"href":"https:\/\/www.abeilles95.fr\/index.php?rest_route=%2Fwp%2Fv2%2Fmedia&parent=1806"}],"curies":[{"name":"wp","href":"https:\/\/api.w.org\/{rel}","templated":true}]}}